{"id":2331,"date":"2025-08-07T00:33:42","date_gmt":"2025-08-07T00:33:42","guid":{"rendered":"https:\/\/kusyhampina.com\/?post_type=product&#038;p=2331"},"modified":"2025-12-09T01:22:23","modified_gmt":"2025-12-09T01:22:23","slug":"retiro-sanacion-emocional","status":"publish","type":"product","link":"https:\/\/kusyhampina.com\/es\/producto\/retiro-sanacion-emocional\/","title":{"rendered":"Retiro<br>Sanaci\u00f3n Emocional"},"content":{"rendered":"\t\t<div data-elementor-type=\"wp-post\" data-elementor-id=\"2331\" class=\"elementor elementor-2331\" data-elementor-post-type=\"product\">\n\t\t\t\t<div class=\"wd-negative-gap elementor-element elementor-element-2166202 e-flex e-con-boxed e-con e-parent\" data-id=\"2166202\" data-element_type=\"container\" data-e-type=\"container\">\n\t\t\t\t\t<div class=\"e-con-inner\">\n\t\t<div class=\"elementor-element elementor-element-18b7e44 e-con-full e-flex e-con e-child\" data-id=\"18b7e44\" data-element_type=\"container\" data-e-type=\"container\">\n\t\t\t\t<div class=\"elementor-element elementor-element-87449b7 wd-width-100 elementor-widget elementor-widget-wd_title\" data-id=\"87449b7\" data-element_type=\"widget\" data-e-type=\"widget\" data-widget_type=\"wd_title.default\">\n\t\t\t\t<div class=\"elementor-widget-container\">\n\t\t\t\t\t\t\t<div class=\"title-wrapper wd-set-mb reset-last-child wd-title-color-default wd-title-style-default wd-title-size-large text-left\">\n\n\t\t\t\n\t\t\t<div class=\"liner-continer\">\n\t\t\t\t<h4 class=\"woodmart-title-container title wd-fontsize-xxl\">Retiro de Sanaci\u00f3n Emocional<\/h4> \n\t\t\t\t\t\t\t<\/div>\n\n\t\t\t\t\t<\/div>\n\t\t\t\t\t\t<\/div>\n\t\t\t\t<\/div>\n\t\t\t\t<div class=\"elementor-element elementor-element-49ab19b elementor-widget elementor-widget-heading\" data-id=\"49ab19b\" data-element_type=\"widget\" data-e-type=\"widget\" data-widget_type=\"heading.default\">\n\t\t\t\t<div class=\"elementor-widget-container\">\n\t\t\t\t\t<h2 class=\"elementor-heading-title elementor-size-default\">Descripci\u00f3n<\/h2>\t\t\t\t<\/div>\n\t\t\t\t<\/div>\n\t\t\t\t<div class=\"elementor-element elementor-element-e1e0a80 color-scheme-inherit text-left elementor-widget elementor-widget-text-editor\" data-id=\"e1e0a80\" data-element_type=\"widget\" data-e-type=\"widget\" data-widget_type=\"text-editor.default\">\n\t\t\t\t<div class=\"elementor-widget-container\">\n\t\t\t\t\t\t\t\t\t<p><span style=\"font-weight: 400;\">La sanaci\u00f3n emocional es un proceso muy personal que a menudo se apoya en una combinaci\u00f3n de terapias que van desde lo natural y hol\u00edstico hasta lo activo y energ\u00e9tico. Regresa a casa sinti\u00e9ndote internamente en calma, fuerte y con una perspectiva equilibrada.<\/span><\/p><p><span style=\"font-weight: 400;\">Toma la oportunidad de sanar y reavivar tu esp\u00edritu renov\u00e1ndote en un entorno pac\u00edfico, arm\u00f3nico y lujoso, complementado con una amplia gama de terapias hol\u00edsticas. Nuestro retiro de sanaci\u00f3n emocional mejorar\u00e1 tu salud emocional, tu bienestar y ayudar\u00e1 a restaurar tu alma.<\/span><\/p><p><span style=\"font-weight: 400;\">Devu\u00e9lvele la calma a tu vida con diversos m\u00e9todos de sanaci\u00f3n que incluyen dieta suave de desintoxicaci\u00f3n o ayuno a base de jugos, tratamientos de spa depurativos, actividades grupales energizantes, terapias de \u201cpoza de barro\u201d, ceremonias de tabaco y temazcal, microdosis de wachuma y ayahuasca, Chi kung, yoga y terapias andinas; reequilibra tu cuerpo y mente con este programa breve de desintoxicaci\u00f3n con jugos en Cusco, Per\u00fa.<\/span><\/p>\t\t\t\t\t\t\t\t<\/div>\n\t\t\t\t<\/div>\n\t\t\t\t<div class=\"elementor-element elementor-element-f41c1f7 elementor-widget elementor-widget-heading\" data-id=\"f41c1f7\" data-element_type=\"widget\" data-e-type=\"widget\" data-widget_type=\"heading.default\">\n\t\t\t\t<div class=\"elementor-widget-container\">\n\t\t\t\t\t<h2 class=\"elementor-heading-title elementor-size-default\">Contenido<\/h2>\t\t\t\t<\/div>\n\t\t\t\t<\/div>\n\t\t\t\t<div class=\"elementor-element elementor-element-6a7e1fa color-scheme-inherit text-left elementor-widget elementor-widget-text-editor\" data-id=\"6a7e1fa\" data-element_type=\"widget\" data-e-type=\"widget\" data-widget_type=\"text-editor.default\">\n\t\t\t\t<div class=\"elementor-widget-container\">\n\t\t\t\t\t\t\t\t\t<p><span style=\"font-weight: 400;\">Cuando practicamos la gratitud por lo que s\u00ed tenemos en nuestra vida, esta es una vibraci\u00f3n de alta frecuencia que ayuda a transformar y transmutar cualquier energ\u00eda discordante o destructiva asociada con un recuerdo o experiencia dolorosa.<\/span><\/p><p><span style=\"font-weight: 400;\">Es importante recordarnos que no podemos cambiar lo que nos ha ocurrido en el pasado. Si nos aferramos a los recuerdos o traumas, nos causamos un sufrimiento continuo. Hay experiencias que jam\u00e1s podr\u00e1n cambiarse, sin importar lo que hagamos: no podemos retroceder y evitar que hayan ocurrido. Es como si una energ\u00eda destructiva externa hubiera entrado en nuestra vida cuando \u00e9ramos inocentes, pero al mantenerla viva en la memoria, pensamientos, sentimientos, relatos personales y en nuestro cuerpo f\u00edsico y mental, esa energ\u00eda externa termina convirti\u00e9ndose en una energ\u00eda autodestructiva.<\/span><\/p><p><span style=\"font-weight: 400;\">Por eso, cuando podemos encontrar la sanaci\u00f3n, ense\u00f1anza, sabidur\u00eda o regalo que nos dej\u00f3 cualquier experiencia positiva o negativa, tambi\u00e9n podemos sentir gratitud por ella. Como dice uno de mis mayores: <\/span><i><span style=\"font-weight: 400;\">\u201cGracias por aquello que no pude aprender con amor en mi vida y que tuve que aprender de una forma dif\u00edcil o dolorosa, pero que en este momento entiendo lo que me ense\u00f1\u00f3 y estoy listo(a) para soltarlo, transformarlo y liberarlo.\u201d<\/span><\/i><\/p><p><span style=\"font-weight: 400;\">Si no se logra comprender la ense\u00f1anza, sabidur\u00eda o sanaci\u00f3n, la oraci\u00f3n m\u00e1s simple ser\u00eda: <\/span><i><span style=\"font-weight: 400;\">\u201cEso fue tan horrible que jam\u00e1s permitir\u00e9 que vuelva a sucederme\u201d<\/span><\/i><span style=\"font-weight: 400;\">; y esto se convierte en la sabidur\u00eda por la que podemos sentir gratitud. As\u00ed, se entiende que la gratitud y el perd\u00f3n son energ\u00edas y emociones que ayudan a transformar y transmutar el recuerdo o trauma discordante o destructivo.<\/span><\/p><p><span style=\"font-weight: 400;\">Es importante tener cuidado: aunque alguien entienda algo a nivel intelectual, puede que a\u00fan necesite otras formas de terapia o sanaci\u00f3n \u2014ya sea som\u00e1tica, energ\u00e9tica, f\u00edsica o espiritual&#8230;El bypass espiritual nunca es una opci\u00f3n!<\/span><\/p>\t\t\t\t\t\t\t\t<\/div>\n\t\t\t\t<\/div>\n\t\t\t\t<\/div>\n\t\t<div class=\"elementor-element elementor-element-761a562 e-con-full e-flex e-con e-child\" data-id=\"761a562\" data-element_type=\"container\" data-e-type=\"container\">\n\t\t\t\t<div class=\"elementor-element elementor-element-d9c4634 elementor-widget elementor-widget-wd_image_or_svg\" data-id=\"d9c4634\" data-element_type=\"widget\" data-e-type=\"widget\" data-widget_type=\"wd_image_or_svg.default\">\n\t\t\t\t<div class=\"elementor-widget-container\">\n\t\t\t\t\t\n\t\t<div class=\"wd-image text-left\">\n\t\t\t\t\t\t\t\t<img decoding=\"async\" width=\"1000\" height=\"599\" data-src=\"https:\/\/kusyhampina.com\/wp-content\/uploads\/2025\/08\/banos-termales.png\" class=\"attachment-full size-full lazyload\" alt=\"\" data-srcset=\"https:\/\/kusyhampina.com\/wp-content\/uploads\/2025\/08\/banos-termales.png 1000w, https:\/\/kusyhampina.com\/wp-content\/uploads\/2025\/08\/banos-termales-430x258.png 430w, https:\/\/kusyhampina.com\/wp-content\/uploads\/2025\/08\/banos-termales-190x114.png 190w, https:\/\/kusyhampina.com\/wp-content\/uploads\/2025\/08\/banos-termales-700x419.png 700w, https:\/\/kusyhampina.com\/wp-content\/uploads\/2025\/08\/banos-termales-400x240.png 400w, https:\/\/kusyhampina.com\/wp-content\/uploads\/2025\/08\/banos-termales-768x460.png 768w\" data-sizes=\"(max-width: 1000px) 100vw, 1000px\" src=\"data:image\/gif;base64,R0lGODlhAQABAAAAACH5BAEKAAEALAAAAAABAAEAAAICTAEAOw==\" style=\"--smush-placeholder-width: 1000px; --smush-placeholder-aspect-ratio: 1000\/599;\" \/>\t\t\t\t\t<\/div>\n\n\t\t\t\t\t\t<\/div>\n\t\t\t\t<\/div>\n\t\t\t\t<div class=\"elementor-element elementor-element-12f777f elementor-widget elementor-widget-heading\" data-id=\"12f777f\" data-element_type=\"widget\" data-e-type=\"widget\" data-widget_type=\"heading.default\">\n\t\t\t\t<div class=\"elementor-widget-container\">\n\t\t\t\t\t<h2 class=\"elementor-heading-title elementor-size-default\">Objetivos<\/h2>\t\t\t\t<\/div>\n\t\t\t\t<\/div>\n\t\t\t\t<div class=\"elementor-element elementor-element-056e544 color-scheme-inherit text-left elementor-widget elementor-widget-text-editor\" data-id=\"056e544\" data-element_type=\"widget\" data-e-type=\"widget\" data-widget_type=\"text-editor.default\">\n\t\t\t\t<div class=\"elementor-widget-container\">\n\t\t\t\t\t\t\t\t\t<ul><li style=\"font-weight: 400;\" aria-level=\"1\"><span style=\"font-weight: 400;\">Fomentar una comunidad de amor y amabilidad, difundiendo el conocimiento ind\u00edgena en la sanaci\u00f3n del trauma.<\/span><span style=\"font-weight: 400;\"><br \/><br \/><\/span><\/li><li style=\"font-weight: 400;\" aria-level=\"1\"><span style=\"font-weight: 400;\">La atenci\u00f3n informada en trauma busca llevar amor, amabilidad, gratitud, perd\u00f3n, alegr\u00eda, compasi\u00f3n y felicidad a la comunidad.<\/span><span style=\"font-weight: 400;\"><br \/><br \/><\/span><\/li><li style=\"font-weight: 400;\" aria-level=\"1\"><span style=\"font-weight: 400;\">Elevar a la comunidad hacia una vibraci\u00f3n de \u201calta\u201d frecuencia.<\/span><span style=\"font-weight: 400;\"><br \/><br \/><\/span><\/li><\/ul><p><span style=\"font-weight: 400;\">En este retiro no existen emociones buenas o malas: todas son parte de la experiencia humana. Sin embargo, no queremos permanecer demasiado tiempo en emociones densas o de baja vibraci\u00f3n, ya que esto puede generar un \u201cmalestar\u201d que, con el tiempo, se transforma en enfermedad en los cuerpos f\u00edsico, mental-emocional y espiritual.<\/span><\/p><p><span style=\"font-weight: 400;\">La medicina ind\u00edgena, andina y amaz\u00f3nica coinciden en que el origen de la mayor\u00eda de las enfermedades es <\/span>emocional, energ\u00e9tico o ancestral.<\/p>\t\t\t\t\t\t\t\t<\/div>\n\t\t\t\t<\/div>\n\t\t\t\t<div class=\"elementor-element elementor-element-c4a87f4 elementor-widget elementor-widget-heading\" data-id=\"c4a87f4\" data-element_type=\"widget\" data-e-type=\"widget\" data-widget_type=\"heading.default\">\n\t\t\t\t<div class=\"elementor-widget-container\">\n\t\t\t\t\t<h2 class=\"elementor-heading-title elementor-size-default\">Incluye<\/h2>\t\t\t\t<\/div>\n\t\t\t\t<\/div>\n\t\t\t\t<div class=\"elementor-element elementor-element-748449e color-scheme-inherit text-left elementor-widget elementor-widget-text-editor\" data-id=\"748449e\" data-element_type=\"widget\" data-e-type=\"widget\" data-widget_type=\"text-editor.default\">\n\t\t\t\t<div class=\"elementor-widget-container\">\n\t\t\t\t\t\t\t\t\t<ul><li style=\"font-weight: 400;\" aria-level=\"1\"><span style=\"font-weight: 400;\">Dieta suave de desintoxicaci\u00f3n.<\/span><span style=\"font-weight: 400;\"><br \/><\/span><\/li><li style=\"font-weight: 400;\" aria-level=\"1\"><span style=\"font-weight: 400;\">Infusi\u00f3n detox de longevidad.<\/span><span style=\"font-weight: 400;\"><br \/><\/span><\/li><li style=\"font-weight: 400;\" aria-level=\"1\"><span style=\"font-weight: 400;\">Programa de spa y bienestar.<\/span><span style=\"font-weight: 400;\"><br \/><\/span><\/li><li style=\"font-weight: 400;\" aria-level=\"1\"><span style=\"font-weight: 400;\">Actividades del plan de vitalidad y longevidad.<\/span><span style=\"font-weight: 400;\"><br \/><\/span><\/li><li style=\"font-weight: 400;\" aria-level=\"1\"><span style=\"font-weight: 400;\">Acceso al circuito h\u00famedo de relajaci\u00f3n y detox.<\/span><span style=\"font-weight: 400;\"><br \/><\/span><\/li><li style=\"font-weight: 400;\" aria-level=\"1\"><span style=\"font-weight: 400;\">Suplementos y aceites de aromaterapia.<\/span><span style=\"font-weight: 400;\"><br \/><\/span><\/li><li style=\"font-weight: 400;\" aria-level=\"1\"><span style=\"font-weight: 400;\">Batidos, jugos y sopas.<\/span><span style=\"font-weight: 400;\"><br \/><\/span><\/li><li style=\"font-weight: 400;\" aria-level=\"1\"><span style=\"font-weight: 400;\">3 noches de alojamiento.<\/span><span style=\"font-weight: 400;\"><br \/><\/span><\/li><li style=\"font-weight: 400;\" aria-level=\"1\"><span style=\"font-weight: 400;\">Actividades grupales diarias energizantes.<\/span><span style=\"font-weight: 400;\"><br \/><\/span><\/li><li style=\"font-weight: 400;\" aria-level=\"1\"><span style=\"font-weight: 400;\">Ceremonias de tabaco y temazcal.<\/span><span style=\"font-weight: 400;\"><br \/><\/span><\/li><li style=\"font-weight: 400;\" aria-level=\"1\"><span style=\"font-weight: 400;\">Microdosis de Willka, wachuma y ayahuasca.<\/span><span style=\"font-weight: 400;\"><br \/><\/span><\/li><li style=\"font-weight: 400;\" aria-level=\"1\"><span style=\"font-weight: 400;\">Chi kung y yoga.<\/span><span style=\"font-weight: 400;\"><br \/><\/span><\/li><li><span style=\"font-weight: 400;\">Iniciaciones cham\u00e1nicas pr\u00e1cticas e intuitivas.<\/span><span style=\"font-weight: 400;\"><br \/><\/span><\/li><\/ul>\t\t\t\t\t\t\t\t<\/div>\n\t\t\t\t<\/div>\n\t\t\t\t<\/div>\n\t\t\t\t\t<\/div>\n\t\t\t\t<\/div>\n\t\t\t\t<\/div>\n\t\t","protected":false},"excerpt":{"rendered":"<p><span style=\"font-weight: 400;\">Devu\u00e9lvele la calma a tu vida con diversos m\u00e9todos de sanaci\u00f3n que incluyen dieta suave de desintoxicaci\u00f3n o ayuno a base de jugos, tratamientos de spa depurativos, actividades grupales energizantes, terapias de \u201cpoza de barro\u201d, ceremonias de tabaco y temazcal, microdosis de wachuma y ayahuasca, Chi kung, yoga y terapias andinas; reequilibra tu cuerpo y mente con este programa breve de desintoxicaci\u00f3n con jugos en Cusco, Per\u00fa.<\/span><\/p>\n","protected":false},"featured_media":2334,"comment_status":"open","ping_status":"closed","template":"","meta":[],"product_brand":[],"product_cat":[52],"product_tag":[],"class_list":{"0":"post-2331","1":"product","2":"type-product","3":"status-publish","4":"has-post-thumbnail","6":"product_cat-ceremonias","8":"first","9":"instock","10":"featured","11":"virtual","12":"sold-individually","13":"purchasable","14":"product-type-simple"},"aioseo_notices":[],"_links":{"self":[{"href":"https:\/\/kusyhampina.com\/es\/wp-json\/wp\/v2\/product\/2331","targetHints":{"allow":["GET"]}}],"collection":[{"href":"https:\/\/kusyhampina.com\/es\/wp-json\/wp\/v2\/product"}],"about":[{"href":"https:\/\/kusyhampina.com\/es\/wp-json\/wp\/v2\/types\/product"}],"replies":[{"embeddable":true,"href":"https:\/\/kusyhampina.com\/es\/wp-json\/wp\/v2\/comments?post=2331"}],"version-history":[{"count":11,"href":"https:\/\/kusyhampina.com\/es\/wp-json\/wp\/v2\/product\/2331\/revisions"}],"predecessor-version":[{"id":2979,"href":"https:\/\/kusyhampina.com\/es\/wp-json\/wp\/v2\/product\/2331\/revisions\/2979"}],"wp:featuredmedia":[{"embeddable":true,"href":"https:\/\/kusyhampina.com\/es\/wp-json\/wp\/v2\/media\/2334"}],"wp:attachment":[{"href":"https:\/\/kusyhampina.com\/es\/wp-json\/wp\/v2\/media?parent=2331"}],"wp:term":[{"taxonomy":"product_brand","embeddable":true,"href":"https:\/\/kusyhampina.com\/es\/wp-json\/wp\/v2\/product_brand?post=2331"},{"taxonomy":"product_cat","embeddable":true,"href":"https:\/\/kusyhampina.com\/es\/wp-json\/wp\/v2\/product_cat?post=2331"},{"taxonomy":"product_tag","embeddable":true,"href":"https:\/\/kusyhampina.com\/es\/wp-json\/wp\/v2\/product_tag?post=2331"}],"curies":[{"name":"wp","href":"https:\/\/api.w.org\/{rel}","templated":true}]}}